{"id":1504,"date":"2021-01-09T13:37:21","date_gmt":"2021-01-09T12:37:21","guid":{"rendered":"https:\/\/anthropologie-jungklaus.de\/?page_id=1504"},"modified":"2021-01-09T13:39:39","modified_gmt":"2021-01-09T12:39:39","slug":"schmerzke","status":"publish","type":"page","link":"https:\/\/anthropologie-jungklaus.de\/?page_id=1504","title":{"rendered":"Schmerzke"},"content":{"rendered":"<p><div class=\"fusion-fullwidth fullwidth-box fusion-builder-row-1 fusion-flex-container nonhundred-percent-fullwidth non-hundred-percent-height-scrolling\" style=\"--awb-border-radius-top-left:0px;--awb-border-radius-top-right:0px;--awb-border-radius-bottom-right:0px;--awb-border-radius-bottom-left:0px;--awb-flex-wrap:wrap;\" ><div class=\"fusion-builder-row fusion-row fusion-flex-align-items-flex-start fusion-flex-content-wrap\" style=\"max-width:1248px;margin-left: calc(-4% \/ 2 );margin-right: calc(-4% \/ 2 );\"><div class=\"fusion-layout-column fusion_builder_column fusion-builder-column-0 fusion_builder_column_1_1 1_1 fusion-flex-column\" style=\"--awb-bg-size:cover;--awb-width-large:100%;--awb-margin-top-large:0px;--awb-spacing-right-large:1.92%;--awb-margin-bottom-large:20px;--awb-spacing-left-large:1.92%;--awb-width-medium:100%;--awb-order-medium:0;--awb-spacing-right-medium:1.92%;--awb-spacing-left-medium:1.92%;--awb-width-small:100%;--awb-order-small:0;--awb-spacing-right-small:1.92%;--awb-spacing-left-small:1.92%;\"><div class=\"fusion-column-wrapper fusion-column-has-shadow fusion-flex-justify-content-flex-start fusion-content-layout-column\"><div class=\"fusion-text fusion-text-1\"><p>An der Kirche des Ortes Schmerzke (Stadt Brandenburg) konnten im Herbst 2001 anl\u00e4sslich der Anlage von Regenwassersickergruben zwei kleine Fl\u00e4chen des Friedhofs arch\u00e4ologisch untersucht werden. Dabei traten auf der Nordseite neun Gr\u00e4ber zutage und auf der S\u00fcdseite 15, die neben den zahlreichen Sammelknochen geborgen werden konnten. Das Knochenmaterial war in einem guten bis m\u00e4\u00dfigen Erhaltungszustand. Aufgrund fehlender Datierungsm\u00f6glichkeiten lassen sich die Bestattungen zeitlich nicht genau einordnen. Sie d\u00fcrften aus dem 13. bis 19. Jahrhundert stammen.<\/p>\n<p>Bei der anschlie\u00dfenden anthropologischen Bearbeitung wurden die Individuen auf Alter, Geschlecht, K\u00f6rperh\u00f6he und Krankheiten untersucht. Aus den Sammelknochen sollte die Mindestindividuenzahl rekonstruiert werden. Neben den 24 Bestattungen konnten 26 Individuen aus den Sammelknochen festgestellt werden, die in die Auswertung mit eingingen. Eine Pr\u00fcfung der Repr\u00e4sentanz ergab, dass diese Skelettserie als repr\u00e4sentativ zu bewerten ist. Es konnte eine Lebenserwartung von 27 Jahren zum Zeitpunkt der Geburt ermittelt werden, was im Vergleich mit anderen Bev\u00f6lkerungen recht gering ist und somit einen ersten Hinweis auf schwierige Lebensumst\u00e4nde gibt.<\/p>\n<p>Der Sterbegipfel findet sich mit 22% im maturen Alter, gefolgt von den adulten Individuen mit 21% und denen der Altersklasse infans I mit 20%. Die Kindersterblichkeit von 36% liegt im Bereich vergleichbarer Skelettserien. Das Geschlechterverh\u00e4ltnis stellt sich als nahezu ausgewogen dar, mit einer leichten Verschiebung zu den M\u00e4nnern hin. Die Mortalit\u00e4t der Frauen ist im adulten Alter erh\u00f6ht. Die M\u00e4nner verstarben h\u00e4ufiger im maturen und auch senilen Alter. Die durchschnittliche K\u00f6rperh\u00f6he ist mit 165 cm in Vergleich zu anderen Populationen verh\u00e4ltnism\u00e4\u00dfig niedrig und deutet auf eine schlechte Versorgung mit tierischen Proteinen hin.<\/p>\n<p>Die pal\u00e4opathologischen Untersuchungen an den Z\u00e4hnen machten den desolaten Zustand der Gebisse deutlich: Karies konnte bei \u00fcber 90% der Individuen nachgewiesen werden, knapp 15% aller Z\u00e4hne waren kari\u00f6s. Im Vergleich mit anderen Gebissserien sind diese Werte recht hoch und lassen auf eine kohlehydratreiche, \u00fcberwiegend pflanzliche Ern\u00e4hrung schlie\u00dfen. Dass es dabei auch zu Mangelern\u00e4hrung gekommen ist, zeigen die gefunden Mangelerkrankungen; Proteinmangel und auch Unterern\u00e4hrung k\u00f6nnen besonders f\u00fcr die Kinder nachgewiesen werden. Von einer hohen Arbeitsbelastung kann aufgrund der degenerativen Ver\u00e4nderungen an der Wirbels\u00e4ule und den gro\u00dfen Gelenken ausgegangen werden, die allerdings nicht untypisch f\u00fcr l\u00e4ndliche, b\u00e4uerliche Bev\u00f6lkerungen ist. Insgesamt k\u00f6nnen f\u00fcr die Menschen aus Schmerzke schlechte Lebensbedingungen angenommen werden, die durch schwere k\u00f6rperliche Arbeit, eine kohlehydratreiche und proteinarme Ern\u00e4hrung, die zu Mangelerscheinungen und auch Unterern\u00e4hrung f\u00fchrte, charakterisiert werden.<\/p>\n<\/div><\/div><\/div><\/div><\/div><div class=\"fusion-fullwidth fullwidth-box fusion-builder-row-2 fusion-flex-container nonhundred-percent-fullwidth non-hundred-percent-height-scrolling\" style=\"--awb-border-radius-top-left:0px;--awb-border-radius-top-right:0px;--awb-border-radius-bottom-right:0px;--awb-border-radius-bottom-left:0px;--awb-flex-wrap:wrap;\" ><div class=\"fusion-builder-row fusion-row fusion-flex-align-items-flex-start fusion-flex-content-wrap\" style=\"max-width:1248px;margin-left: calc(-4% \/ 2 );margin-right: calc(-4% \/ 2 );\"><div class=\"fusion-layout-column fusion_builder_column fusion-builder-column-1 fusion_builder_column_1_4 1_4 fusion-flex-column\" style=\"--awb-bg-size:cover;--awb-width-large:25%;--awb-margin-top-large:0px;--awb-spacing-right-large:7.68%;--awb-margin-bottom-large:20px;--awb-spacing-left-large:7.68%;--awb-width-medium:25%;--awb-order-medium:0;--awb-spacing-right-medium:7.68%;--awb-spacing-left-medium:7.68%;--awb-width-small:100%;--awb-order-small:0;--awb-spacing-right-small:1.92%;--awb-spacing-left-small:1.92%;\"><div class=\"fusion-column-wrapper fusion-column-has-shadow fusion-flex-justify-content-flex-start fusion-content-layout-column\"><\/div><\/div><div class=\"fusion-layout-column fusion_builder_column fusion-builder-column-2 fusion_builder_column_1_4 1_4 fusion-flex-column\" style=\"--awb-bg-size:cover;--awb-width-large:25%;--awb-margin-top-large:0px;--awb-spacing-right-large:7.68%;--awb-margin-bottom-large:20px;--awb-spacing-left-large:7.68%;--awb-width-medium:25%;--awb-order-medium:0;--awb-spacing-right-medium:7.68%;--awb-spacing-left-medium:7.68%;--awb-width-small:100%;--awb-order-small:0;--awb-spacing-right-small:1.92%;--awb-spacing-left-small:1.92%;\"><div class=\"fusion-column-wrapper fusion-column-has-shadow fusion-flex-justify-content-flex-start fusion-content-layout-column\"><div class=\"fusion-image-element \" style=\"--awb-caption-title-font-family:var(--h2_typography-font-family);--awb-caption-title-font-weight:var(--h2_typography-font-weight);--awb-caption-title-font-style:var(--h2_typography-font-style);--awb-caption-title-size:var(--h2_typography-font-size);--awb-caption-title-transform:var(--h2_typography-text-transform);--awb-caption-title-line-height:var(--h2_typography-line-height);--awb-caption-title-letter-spacing:var(--h2_typography-letter-spacing);\"><span class=\" fusion-imageframe imageframe-none imageframe-1 hover-type-none\"><img decoding=\"async\" width=\"400\" height=\"300\" title=\"OLYMPUS DIGITAL CAMERA\" src=\"https:\/\/anthropologie-jungklaus.de\/wp-content\/uploads\/2021\/01\/19_01-400x300.jpg\" alt class=\"img-responsive wp-image-1273\" srcset=\"https:\/\/anthropologie-jungklaus.de\/wp-content\/uploads\/2021\/01\/19_01-200x150.jpg 200w, https:\/\/anthropologie-jungklaus.de\/wp-content\/uploads\/2021\/01\/19_01-400x300.jpg 400w, https:\/\/anthropologie-jungklaus.de\/wp-content\/uploads\/2021\/01\/19_01.jpg 463w\" sizes=\"(max-width: 640px) 100vw, 400px\" \/><\/span><\/div><div class=\"fusion-text fusion-text-2\"><p style=\"text-align: center;\">Osteoklastische Tumorerkrankung am Sch\u00e4del einer jungen Frau<\/p>\n<\/div><\/div><\/div><div class=\"fusion-layout-column fusion_builder_column fusion-builder-column-3 fusion_builder_column_1_4 1_4 fusion-flex-column\" style=\"--awb-bg-size:cover;--awb-width-large:25%;--awb-margin-top-large:0px;--awb-spacing-right-large:7.68%;--awb-margin-bottom-large:20px;--awb-spacing-left-large:7.68%;--awb-width-medium:25%;--awb-order-medium:0;--awb-spacing-right-medium:7.68%;--awb-spacing-left-medium:7.68%;--awb-width-small:100%;--awb-order-small:0;--awb-spacing-right-small:1.92%;--awb-spacing-left-small:1.92%;\"><div class=\"fusion-column-wrapper fusion-column-has-shadow fusion-flex-justify-content-flex-start fusion-content-layout-column\"><div class=\"fusion-image-element \" style=\"--awb-caption-title-font-family:var(--h2_typography-font-family);--awb-caption-title-font-weight:var(--h2_typography-font-weight);--awb-caption-title-font-style:var(--h2_typography-font-style);--awb-caption-title-size:var(--h2_typography-font-size);--awb-caption-title-transform:var(--h2_typography-text-transform);--awb-caption-title-line-height:var(--h2_typography-line-height);--awb-caption-title-letter-spacing:var(--h2_typography-letter-spacing);\"><span class=\" fusion-imageframe imageframe-none imageframe-2 hover-type-none\"><img decoding=\"async\" width=\"400\" height=\"284\" title=\"19_02\" src=\"https:\/\/anthropologie-jungklaus.de\/wp-content\/uploads\/2021\/01\/19_02-400x284.jpg\" alt class=\"img-responsive wp-image-1274\" srcset=\"https:\/\/anthropologie-jungklaus.de\/wp-content\/uploads\/2021\/01\/19_02-200x142.jpg 200w, https:\/\/anthropologie-jungklaus.de\/wp-content\/uploads\/2021\/01\/19_02-400x284.jpg 400w, https:\/\/anthropologie-jungklaus.de\/wp-content\/uploads\/2021\/01\/19_02.jpg 489w\" sizes=\"(max-width: 640px) 100vw, 400px\" \/><\/span><\/div><div class=\"fusion-text fusion-text-3\"><p style=\"text-align: center;\">Profunde Karies, ausgedehnte intravitale Zahnverluste und starke Parodontose am Gebiss einer etwa 60-j\u00e4hrigen Frau<\/p>\n<\/div><\/div><\/div><div class=\"fusion-layout-column fusion_builder_column fusion-builder-column-4 fusion_builder_column_1_4 1_4 fusion-flex-column\" style=\"--awb-bg-size:cover;--awb-width-large:25%;--awb-margin-top-large:0px;--awb-spacing-right-large:7.68%;--awb-margin-bottom-large:20px;--awb-spacing-left-large:7.68%;--awb-width-medium:25%;--awb-order-medium:0;--awb-spacing-right-medium:7.68%;--awb-spacing-left-medium:7.68%;--awb-width-small:100%;--awb-order-small:0;--awb-spacing-right-small:1.92%;--awb-spacing-left-small:1.92%;\"><div class=\"fusion-column-wrapper fusion-column-has-shadow fusion-flex-justify-content-flex-start fusion-content-layout-column\"><\/div><\/div><\/div><\/div><div class=\"fusion-fullwidth fullwidth-box fusion-builder-row-3 fusion-flex-container nonhundred-percent-fullwidth non-hundred-percent-height-scrolling\" style=\"--awb-border-radius-top-left:0px;--awb-border-radius-top-right:0px;--awb-border-radius-bottom-right:0px;--awb-border-radius-bottom-left:0px;--awb-flex-wrap:wrap;\" ><div class=\"fusion-builder-row fusion-row fusion-flex-align-items-flex-start fusion-flex-content-wrap\" style=\"max-width:1248px;margin-left: calc(-4% \/ 2 );margin-right: calc(-4% \/ 2 );\"><div class=\"fusion-layout-column fusion_builder_column fusion-builder-column-5 fusion_builder_column_1_1 1_1 fusion-flex-column\" style=\"--awb-bg-size:cover;--awb-width-large:100%;--awb-margin-top-large:0px;--awb-spacing-right-large:1.92%;--awb-margin-bottom-large:20px;--awb-spacing-left-large:1.92%;--awb-width-medium:100%;--awb-order-medium:0;--awb-spacing-right-medium:1.92%;--awb-spacing-left-medium:1.92%;--awb-width-small:100%;--awb-order-small:0;--awb-spacing-right-small:1.92%;--awb-spacing-left-small:1.92%;\"><div class=\"fusion-column-wrapper fusion-column-has-shadow fusion-flex-justify-content-flex-start fusion-content-layout-column\"><div class=\"fusion-text fusion-text-4\"><p><b>Jungklaus B (2003): <\/b>Karge Kost im alten Schmerzke. 12. Jahresbericht. Historischer Verein Brandenburg (Havel), 73-79.<\/p>\n<\/div><\/div><\/div><\/div><\/div><\/p>\n","protected":false},"excerpt":{"rendered":"","protected":false},"author":1,"featured_media":0,"parent":1224,"menu_order":0,"comment_status":"closed","ping_status":"closed","template":"","meta":{"footnotes":""},"_links":{"self":[{"href":"https:\/\/anthropologie-jungklaus.de\/index.php?rest_route=\/wp\/v2\/pages\/1504"}],"collection":[{"href":"https:\/\/anthropologie-jungklaus.de\/index.php?rest_route=\/wp\/v2\/pages"}],"about":[{"href":"https:\/\/anthropologie-jungklaus.de\/index.php?rest_route=\/wp\/v2\/types\/page"}],"author":[{"embeddable":true,"href":"https:\/\/anthropologie-jungklaus.de\/index.php?rest_route=\/wp\/v2\/users\/1"}],"replies":[{"embeddable":true,"href":"https:\/\/anthropologie-jungklaus.de\/index.php?rest_route=%2Fwp%2Fv2%2Fcomments&post=1504"}],"version-history":[{"count":2,"href":"https:\/\/anthropologie-jungklaus.de\/index.php?rest_route=\/wp\/v2\/pages\/1504\/revisions"}],"predecessor-version":[{"id":1506,"href":"https:\/\/anthropologie-jungklaus.de\/index.php?rest_route=\/wp\/v2\/pages\/1504\/revisions\/1506"}],"up":[{"embeddable":true,"href":"https:\/\/anthropologie-jungklaus.de\/index.php?rest_route=\/wp\/v2\/pages\/1224"}],"wp:attachment":[{"href":"https:\/\/anthropologie-jungklaus.de\/index.php?rest_route=%2Fwp%2Fv2%2Fmedia&parent=1504"}],"curies":[{"name":"wp","href":"https:\/\/api.w.org\/{rel}","templated":true}]}}